{"id":6757,"date":"2023-12-04T09:14:52","date_gmt":"2023-12-04T07:14:52","guid":{"rendered":"https:\/\/prein.fi\/?post_type=events&#038;p=6757"},"modified":"2024-02-21T10:34:33","modified_gmt":"2024-02-21T08:34:33","slug":"nobel-iltapaiva","status":"publish","type":"events","link":"https:\/\/prein.fi\/fi\/tapahtumat\/nobel-iltapaiva\/","title":{"rendered":"Nobel-iltap\u00e4iv\u00e4, Tampereen p\u00e4\u00e4kirjasto"},"content":{"rendered":"\r\n\r\n<section class=\"hero site-banner banner-bg-image section-default default alignfull image\">\r\n\r\n    <div class=\"site-banner-bg section-bg-image \" >\r\n\r\n        <img decoding=\"async\" width=\"723\" height=\"483\" src=\"https:\/\/prein.fi\/wp-content\/uploads\/2023\/12\/nobel.jpg\" class=\"attachment-1536\u00d71536 size-1536\u00d71536\" alt=\"\" srcset=\"https:\/\/prein.fi\/wp-content\/uploads\/2023\/12\/nobel.jpg 723w, https:\/\/prein.fi\/wp-content\/uploads\/2023\/12\/nobel-300x200.jpg 300w\" sizes=\"(max-width: 723px) 100vw, 723px\" \/>\r\n        \r\n            <div class=\"site-banner-content container\">\r\n                <div class=\"row w-100\">\r\n                    <div class=\"col-md-12\">\r\n\r\n                        <h1 class=\"hero-title\">Nobel-iltap\u00e4iv\u00e4, Tampereen p\u00e4\u00e4kirjasto<\/h1><div class=\"inner-content\">\r\n                            <div class=\"acf-innerblocks-container\"><\/div>\r\n                        <\/div>                    <\/div>\r\n                <\/div>\r\n            <\/div>\r\n        \r\n        <\/div><\/section>\r\n\r\n    <div class=\"breadcrumbs alignfull\">\r\n        <div class=\"container\">\r\n            <a href=\"https:\/\/prein.fi\/fi\/\">Etusivu<\/a>        <\/div>\r\n    <\/div>\r\n\n\n\n<p><\/p>\n\n\n\n<p>Nobel-iltap\u00e4iv\u00e4n esitelmiss\u00e4\u00e4n Tampereella asiantuntijat kertovat kansantajuisesti tieteen Nobel-palkinnoilla palkittujen tutkimusten aihepiirist\u00e4, tekij\u00f6ist\u00e4, saavutuksista sek\u00e4 niiden merkityksest\u00e4.<\/p>\n\n\n\n<p><strong>Paikka: Tampere, P\u00e4\u00e4kirjasto Metso<\/strong><\/p>\n\n\n\n<p><strong>Aika: Lauantaina 9.12. 2023<\/strong><\/p>\n\n\n\n<p><strong>Klo 12\u201313<\/strong> Dosentti Matias Koivurova (Fysiikka)<\/p>\n\n\n\n<p>\u201dKaikkien aikojen lyhytkestoisin salamavalo\u201d<\/p>\n\n\n\n<p><strong>Klo 13\u201314<\/strong> TkT Tero-Petri Ruoko (Kemia)<\/p>\n\n\n\n<p>\u201dKvanttipisteiden hehkua v\u00e4rillisist\u00e4 lasi-ikkunoista televisioihin\u201d<\/p>\n\n\n\n<p><strong>Klo 14\u201315<\/strong> Apulaisprofessori Minna-Liisa \u00c4nk\u00f6 (L\u00e4\u00e4ketiede)<\/p>\n\n\n\n<p>&#8221;RNA \u2013 ei vain DNA tamperelaisittain vaan monimuotoinen biomolekyyli&#8221;<\/p>\n\n\n\n<p>Tieteen Nobel-palkinnot jaetaan Tukholmassa vuosittain 10. joulukuuta, lis\u00e4tietoa osoitteesta <a href=\"http:\/\/nobelprize.or\" target=\"_blank\" rel=\"noopener\" title=\"nobelprize.org\">nobelprize.org<\/a><\/p>\n\n\n\n<figure class=\"wp-block-image size-large\"><img decoding=\"async\" width=\"724\" height=\"1024\" src=\"https:\/\/prein.fi\/wp-content\/uploads\/2023\/12\/nobel-iltapaiva-2023-724x1024.png\" alt=\"\" class=\"wp-image-6762\" srcset=\"https:\/\/prein.fi\/wp-content\/uploads\/2023\/12\/nobel-iltapaiva-2023-724x1024.png 724w, https:\/\/prein.fi\/wp-content\/uploads\/2023\/12\/nobel-iltapaiva-2023-212x300.png 212w, https:\/\/prein.fi\/wp-content\/uploads\/2023\/12\/nobel-iltapaiva-2023-768x1086.png 768w, https:\/\/prein.fi\/wp-content\/uploads\/2023\/12\/nobel-iltapaiva-2023-1086x1536.png 1086w, https:\/\/prein.fi\/wp-content\/uploads\/2023\/12\/nobel-iltapaiva-2023-1448x2048.png 1448w\" sizes=\"(max-width: 724px) 100vw, 724px\" \/><\/figure>\n","protected":false},"excerpt":{"rendered":"<p>Nobel-iltap\u00e4iv\u00e4n esitelmiss\u00e4\u00e4n Tampereella asiantuntijat kertovat kansantajuisesti tieteen Nobel-palkinnoilla palkittujen tutkimusten aihepiirist\u00e4, tekij\u00f6ist\u00e4, saavutuksista sek\u00e4 niiden merkityksest\u00e4. Paikka: Tampere, P\u00e4\u00e4kirjasto Metso Aika: Lauantaina 9.12. 2023 Klo 12\u201313 Dosentti Matias Koivurova (Fysiikka) \u201dKaikkien aikojen lyhytkestoisin salamavalo\u201d Klo 13\u201314 TkT Tero-Petri Ruoko (Kemia) \u201dKvanttipisteiden hehkua v\u00e4rillisist\u00e4 lasi-ikkunoista televisioihin\u201d Klo 14\u201315 Apulaisprofessori Minna-Liisa \u00c4nk\u00f6 (L\u00e4\u00e4ketiede) &#8221;RNA \u2013 ei vain [&hellip;]<\/p>\n","protected":false},"featured_media":6771,"template":"","class_list":["post-6757","events","type-events","status-publish","has-post-thumbnail","hentry"],"acf":[],"aioseo_notices":[],"_links":{"self":[{"href":"https:\/\/prein.fi\/fi\/wp-json\/wp\/v2\/events\/6757","targetHints":{"allow":["GET"]}}],"collection":[{"href":"https:\/\/prein.fi\/fi\/wp-json\/wp\/v2\/events"}],"about":[{"href":"https:\/\/prein.fi\/fi\/wp-json\/wp\/v2\/types\/events"}],"wp:featuredmedia":[{"embeddable":true,"href":"https:\/\/prein.fi\/fi\/wp-json\/wp\/v2\/media\/6771"}],"wp:attachment":[{"href":"https:\/\/prein.fi\/fi\/wp-json\/wp\/v2\/media?parent=6757"}],"curies":[{"name":"wp","href":"https:\/\/api.w.org\/{rel}","templated":true}]}}