{"id":7224,"date":"2024-04-10T14:14:42","date_gmt":"2024-04-10T11:14:42","guid":{"rendered":"https:\/\/prein.fi\/?post_type=events&#038;p=7224"},"modified":"2025-08-26T15:58:51","modified_gmt":"2025-08-26T12:58:51","slug":"valoa-perheille-tapahtuma","status":"publish","type":"events","link":"https:\/\/prein.fi\/fi\/tapahtumat\/valoa-perheille-tapahtuma\/","title":{"rendered":"Valoa perheille -tapahtuma"},"content":{"rendered":"\r\n\r\n<section class=\"hero site-banner banner-bg-image section-default default alignfull image\">\r\n\r\n    <div class=\"site-banner-bg section-bg-image \" >\r\n\r\n        <img decoding=\"async\" width=\"768\" height=\"514\" src=\"https:\/\/prein.fi\/wp-content\/uploads\/2024\/04\/valoa-perheille-tapahtumakalenteriin-kuva-768x514-1.jpg\" class=\"attachment-1536\u00d71536 size-1536\u00d71536\" alt=\"\" srcset=\"https:\/\/prein.fi\/wp-content\/uploads\/2024\/04\/valoa-perheille-tapahtumakalenteriin-kuva-768x514-1.jpg 768w, https:\/\/prein.fi\/wp-content\/uploads\/2024\/04\/valoa-perheille-tapahtumakalenteriin-kuva-768x514-1-300x201.jpg 300w\" sizes=\"(max-width: 768px) 100vw, 768px\" \/>\r\n        \r\n            <div class=\"site-banner-content container\">\r\n                <div class=\"row w-100\">\r\n                    <div class=\"col-md-12\">\r\n\r\n                        <h1 class=\"hero-title\">Valoa perheille -tapahtuma<\/h1><div class=\"inner-content\">\r\n                            <div class=\"acf-innerblocks-container\"><\/div>\r\n                        <\/div>                    <\/div>\r\n                <\/div>\r\n            <\/div>\r\n        \r\n        <\/div><\/section>\r\n\r\n    <div class=\"breadcrumbs alignfull\">\r\n        <div class=\"container\">\r\n            <a href=\"https:\/\/prein.fi\/fi\/\">Etusivu<\/a>        <\/div>\r\n    <\/div>\r\n\n\n\n<h2 class=\"wp-block-heading\">Valoa perheille tapahtuma Joensuussa<\/h2>\n\n\n\n<p>It\u00e4-Suomen yliopisto yhdess\u00e4 It\u00e4-Suomen yliopiston <a href=\"https:\/\/luma.uef.fi\/\" target=\"_blank\" rel=\"noopener\" title=\"\">LUMA-keskuksen<\/a> ja Fotoniikan lippulaiva <a href=\"https:\/\/prein.fi\/fi\">PREIN<\/a>:n kanssa kutsuvat sinut osallistumaan \u201cValoa perheille\u201d -perhetapahtumaan, joka j\u00e4rjestet\u00e4\u00e4n Joensuun <a href=\"https:\/\/www.botania.fi\/puutarhat\">Botanian<\/a> upeissa maisemissa <\/p>\n\n\n\n<p><strong>lauantaina 4. toukokuuta klo 10\u201313. <\/strong><\/p>\n\n\n\n<p>Tapahtuma tarjoaa monipuolista ohjelmaa kaikenik\u00e4isille ja -tasoisille osallistujille.<\/p>\n\n\n\n<p>Lapsille (n. 3\u201312-vuotiaille) j\u00e4rjestet\u00e4\u00e4n inspiroivia valoaiheisia ty\u00f6pajoja, joissa he p\u00e4\u00e4sev\u00e4t kokeilemaan k\u00e4yt\u00e4nn\u00f6ss\u00e4 valotekniikan ihmeit\u00e4.<\/p>\n\n\n\n<p>Tapahtumassa voit valmistaa \u00e4itienp\u00e4iv\u00e4lahjan \u00e4idille, iso\u00e4idille tai \u00e4itihahmolle fotoniikan eli valotieteen teknologian avulla.<\/p>\n\n\n\n<p>Lis\u00e4ksi kaikki tapahtumaan osallistuneet p\u00e4\u00e4sev\u00e4t tutustumaan Taidepuutarha Botanian lumoavaan ymp\u00e4rist\u00f6\u00f6n. Tapahtuma on avoin kaikille eik\u00e4 siihen liity osallistumismaksua.<\/p>\n\n\n\n<p>Tule siis mukaan viett\u00e4m\u00e4\u00e4n mukavaa p\u00e4iv\u00e4\u00e4 perheesi kanssa ja suuntaamaan jo katseesi tulevaan \u00e4itienp\u00e4iv\u00e4\u00e4n sek\u00e4 Kansainv\u00e4liseen valon p\u00e4iv\u00e4\u00e4n, jota vietet\u00e4\u00e4n toukokuussa.<\/p>\n\n\n\n<p>Lis\u00e4tietoja saat ottamalla yhteytt\u00e4:<\/p>\n\n\n\n<p>Raili Term\u00e4l\u00e4<br><a href=\"mailto:raili.termala@uef.fi\" target=\"_blank\" rel=\"noopener\" title=\"\">raili.termala@uef.fi<\/a><br>050 307 8256 <\/p>\n\n\n\n<p>sek\u00e4 <\/p>\n\n\n\n<p>Juha Purmonen<br><a href=\"mailto:juha.purmonen@uef.fi\" target=\"_blank\" rel=\"noopener\" title=\"\">juha.purmonen@uef.fi<\/a><br>050 354 3832.<\/p>\n\n\n\r\n<div class=\"maps-block \">\r\n    <iframe class=\"maps-iframe\" src=\"https:\/\/maps.google.com\/maps?q=Hein\u00e4purontie 70, 80110 Joensuu&#038;hl=fi&amp;z=16&amp;output=embed\" class=\"gmaps-iframe\" loading=\"lazy\" title=\"Googlekartta\" tabIndex=\"-1\"><\/iframe>\r\n<\/div>","protected":false},"excerpt":{"rendered":"<p>Valoa perheille tapahtuma Joensuussa It\u00e4-Suomen yliopisto yhdess\u00e4 It\u00e4-Suomen yliopiston LUMA-keskuksen ja Fotoniikan lippulaiva PREIN:n kanssa kutsuvat sinut osallistumaan \u201cValoa perheille\u201d -perhetapahtumaan, joka j\u00e4rjestet\u00e4\u00e4n Joensuun Botanian upeissa maisemissa lauantaina 4. toukokuuta klo 10\u201313. Tapahtuma tarjoaa monipuolista ohjelmaa kaikenik\u00e4isille ja -tasoisille osallistujille. Lapsille (n. 3\u201312-vuotiaille) j\u00e4rjestet\u00e4\u00e4n inspiroivia valoaiheisia ty\u00f6pajoja, joissa he p\u00e4\u00e4sev\u00e4t kokeilemaan k\u00e4yt\u00e4nn\u00f6ss\u00e4 valotekniikan ihmeit\u00e4. Tapahtumassa [&hellip;]<\/p>\n","protected":false},"featured_media":7225,"template":"","class_list":["post-7224","events","type-events","status-publish","has-post-thumbnail","hentry"],"acf":[],"aioseo_notices":[],"_links":{"self":[{"href":"https:\/\/prein.fi\/fi\/wp-json\/wp\/v2\/events\/7224","targetHints":{"allow":["GET"]}}],"collection":[{"href":"https:\/\/prein.fi\/fi\/wp-json\/wp\/v2\/events"}],"about":[{"href":"https:\/\/prein.fi\/fi\/wp-json\/wp\/v2\/types\/events"}],"wp:featuredmedia":[{"embeddable":true,"href":"https:\/\/prein.fi\/fi\/wp-json\/wp\/v2\/media\/7225"}],"wp:attachment":[{"href":"https:\/\/prein.fi\/fi\/wp-json\/wp\/v2\/media?parent=7224"}],"curies":[{"name":"wp","href":"https:\/\/api.w.org\/{rel}","templated":true}]}}