{"id":7963,"date":"2024-09-27T13:03:57","date_gmt":"2024-09-27T10:03:57","guid":{"rendered":"https:\/\/prein.fi\/?post_type=events&#038;p=7963"},"modified":"2025-07-17T16:06:18","modified_gmt":"2025-07-17T13:06:18","slug":"valoa-perheille-tapahtuma-2","status":"publish","type":"events","link":"https:\/\/prein.fi\/fi\/tapahtumat\/valoa-perheille-tapahtuma-2\/","title":{"rendered":"Valoa perheille -tapahtuma"},"content":{"rendered":"\r\n\r\n<section class=\"hero site-banner banner-bg-image section-default default alignfull image\">\r\n\r\n    <div class=\"site-banner-bg section-bg-image \" >\r\n\r\n        <img decoding=\"async\" width=\"768\" height=\"514\" src=\"https:\/\/prein.fi\/wp-content\/uploads\/2024\/04\/valoa-perheille-tapahtumakalenteriin-kuva-768x514-1.jpg\" class=\"attachment-1536\u00d71536 size-1536\u00d71536\" alt=\"\" srcset=\"https:\/\/prein.fi\/wp-content\/uploads\/2024\/04\/valoa-perheille-tapahtumakalenteriin-kuva-768x514-1.jpg 768w, https:\/\/prein.fi\/wp-content\/uploads\/2024\/04\/valoa-perheille-tapahtumakalenteriin-kuva-768x514-1-300x201.jpg 300w\" sizes=\"(max-width: 768px) 100vw, 768px\" \/>\r\n        \r\n            <div class=\"site-banner-content container\">\r\n                <div class=\"row w-100\">\r\n                    <div class=\"col-md-12\">\r\n\r\n                        <h1 class=\"hero-title\">Valoa perheille -tapahtuma<\/h1><div class=\"inner-content\">\r\n                            <div class=\"acf-innerblocks-container\"><\/div>\r\n                        <\/div>                    <\/div>\r\n                <\/div>\r\n            <\/div>\r\n        \r\n        <\/div><\/section>\r\n\r\n    <div class=\"breadcrumbs alignfull\">\r\n        <div class=\"container\">\r\n            <a href=\"https:\/\/prein.fi\/fi\/\">Etusivu<\/a>        <\/div>\r\n    <\/div>\r\n\n\n\n<h2 class=\"wp-block-heading\">Valoa perheille tapahtuma Joensuussa<\/h2>\n\n\n\n<p>It\u00e4-Suomen yliopisto ja It\u00e4-Suomen yliopiston <a href=\"https:\/\/luma.uef.fi\/\">LUMA-keskus<\/a> ja Fotoniikan lippulaiva <a href=\"https:\/\/prein.fi\/fi\">PREIN<\/a> kutsuvat sinut osallistumaan \u201cValoa perheille\u201d -perhetapahtumaan, joka j\u00e4rjestet\u00e4\u00e4n nyt kolmannen kerran Joensuun <a href=\"https:\/\/www.botania.fi\/puutarhat\">Botanian<\/a> upeissa maisemissa <strong>lauantaina 9. marraskuuta 2024 klo 10\u201314.<\/strong> Tapahtuma tarjoaa monipuolista ohjelmaa kaikenik\u00e4isille ja -tasoisille osallistujille.<\/p>\n\n\n\n<p>Lapsille (n. 3\u201312-vuotiaille) j\u00e4rjestet\u00e4\u00e4n inspiroiva valoaiheinen Aarrejahti, jossa ratkotaan valoaiheisten tutkimusten kautta mysteeri\u00e4. Aarrejahti sopii pienimmille aikuisen kanssa ja isommille itsen\u00e4isesti.<\/p>\n\n\n\n<p>Tapahtumassa voit my\u00f6s valmistaa is\u00e4np\u00e4iv\u00e4lahjan is\u00e4lle, isois\u00e4lle tai is\u00e4hahmolle fotoniikan eli valotieteen teknologian avulla.<\/p>\n\n\n\n<p>Lis\u00e4ksi kaikki tapahtumaan osallistuneet p\u00e4\u00e4sev\u00e4t tutustumaan Taidepuutarha Botanian lumoavaan ymp\u00e4rist\u00f6\u00f6n.<\/p>\n\n\n\n<p><strong>Tapahtuma on avoin kaikille eik\u00e4 siihen liity osallistumismaksua.<\/strong><\/p>\n\n\n\n<p>Tule siis mukaan viett\u00e4m\u00e4\u00e4n mukavaa p\u00e4iv\u00e4\u00e4 perheesi kanssa ja juhlistamaan samalla Kansainv\u00e4list\u00e4 tytt\u00f6jenp\u00e4iv\u00e4\u00e4 sek\u00e4 is\u00e4np\u00e4iv\u00e4\u00e4. Kansainv\u00e4linen tytt\u00f6jenp\u00e4iv\u00e4 muistuttaa tytt\u00f6jen oikeuksista ja tasa-arvosta maailmanlaajuisesti, tarjoten mahdollisuuden pohtia saavutuksia ja haasteita. Is\u00e4np\u00e4iv\u00e4 puolestaan on omistettu isille ja is\u00e4hahmoille, jotka ovat merkitt\u00e4v\u00e4 osa perheiden el\u00e4m\u00e4\u00e4.<\/p>\n\n\n\n<p>Lis\u00e4tietoja saat ottamalla yhteytt\u00e4 Iiro Muhoseen s\u00e4hk\u00f6postitse <a href=\"mailto:iiro.muhonen@uef.fi\">iiro.muhonen@uef.fi<\/a> tai puhelimitse 050 324 2548.<\/p>\n\n\n\r\n<div class=\"maps-block \">\r\n    <iframe class=\"maps-iframe\" src=\"https:\/\/maps.google.com\/maps?q=Hein\u00e4purontie 70, 80110 Joensuu&#038;hl=fi&amp;z=16&amp;output=embed\" class=\"gmaps-iframe\" loading=\"lazy\" title=\"Googlekartta\" tabIndex=\"-1\"><\/iframe>\r\n<\/div>\n\n\n<p><\/p>\n","protected":false},"excerpt":{"rendered":"<p>Valoa perheille tapahtuma Joensuussa It\u00e4-Suomen yliopisto ja It\u00e4-Suomen yliopiston LUMA-keskus ja Fotoniikan lippulaiva PREIN kutsuvat sinut osallistumaan \u201cValoa perheille\u201d -perhetapahtumaan, joka j\u00e4rjestet\u00e4\u00e4n nyt kolmannen kerran Joensuun Botanian upeissa maisemissa lauantaina 9. marraskuuta 2024 klo 10\u201314. Tapahtuma tarjoaa monipuolista ohjelmaa kaikenik\u00e4isille ja -tasoisille osallistujille. Lapsille (n. 3\u201312-vuotiaille) j\u00e4rjestet\u00e4\u00e4n inspiroiva valoaiheinen Aarrejahti, jossa ratkotaan valoaiheisten tutkimusten kautta [&hellip;]<\/p>\n","protected":false},"featured_media":7225,"template":"","class_list":["post-7963","events","type-events","status-publish","has-post-thumbnail","hentry"],"acf":[],"aioseo_notices":[],"_links":{"self":[{"href":"https:\/\/prein.fi\/fi\/wp-json\/wp\/v2\/events\/7963","targetHints":{"allow":["GET"]}}],"collection":[{"href":"https:\/\/prein.fi\/fi\/wp-json\/wp\/v2\/events"}],"about":[{"href":"https:\/\/prein.fi\/fi\/wp-json\/wp\/v2\/types\/events"}],"wp:featuredmedia":[{"embeddable":true,"href":"https:\/\/prein.fi\/fi\/wp-json\/wp\/v2\/media\/7225"}],"wp:attachment":[{"href":"https:\/\/prein.fi\/fi\/wp-json\/wp\/v2\/media?parent=7963"}],"curies":[{"name":"wp","href":"https:\/\/api.w.org\/{rel}","templated":true}]}}