{"id":8554,"date":"2025-10-16T09:25:59","date_gmt":"2025-10-16T06:25:59","guid":{"rendered":"https:\/\/prein.fi\/?post_type=events&#038;p=8554"},"modified":"2025-10-16T09:26:01","modified_gmt":"2025-10-16T06:26:01","slug":"valoa-perheille-8-11-2025","status":"publish","type":"events","link":"https:\/\/prein.fi\/fi\/tapahtumat\/valoa-perheille-8-11-2025\/","title":{"rendered":"Valoa perheille 8.11.2025"},"content":{"rendered":"\n<figure class=\"wp-block-image size-large\"><img decoding=\"async\" width=\"1024\" height=\"683\" src=\"https:\/\/prein.fi\/wp-content\/uploads\/2025\/10\/valoa-perheille-1024x683.jpg\" alt=\"\" class=\"wp-image-8555\" srcset=\"https:\/\/prein.fi\/wp-content\/uploads\/2025\/10\/valoa-perheille-1024x683.jpg 1024w, https:\/\/prein.fi\/wp-content\/uploads\/2025\/10\/valoa-perheille-300x200.jpg 300w, https:\/\/prein.fi\/wp-content\/uploads\/2025\/10\/valoa-perheille-768x512.jpg 768w, https:\/\/prein.fi\/wp-content\/uploads\/2025\/10\/valoa-perheille-1536x1024.jpg 1536w, https:\/\/prein.fi\/wp-content\/uploads\/2025\/10\/valoa-perheille.jpg 2048w\" sizes=\"(max-width: 1024px) 100vw, 1024px\" \/><\/figure>\n\n\n\n<h4 class=\"wp-block-heading\">It\u00e4-Suomen yliopisto, It\u00e4-Suomen yliopiston <a href=\"https:\/\/luma.uef.fi\/\">LUMA-keskus<\/a> ja Fotoniikan lippulaiva <a href=\"https:\/\/prein.fi\/fi\/\">PREIN<\/a> toivottavat sinut l\u00e4mpim\u00e4sti tervetulleeksi \u201cValoa perheille\u201d -tapahtumaan<strong> lauantaina 8. marraskuuta 2025 klo 10\u201314<\/strong> Joensuun Taidepuutarha <a href=\"https:\/\/www.botania.fi\/puutarhat\" target=\"_blank\" rel=\"noopener\" title=\"\">Botanialle<\/a>! Valoa perheille -tapahtuma j\u00e4rjestet\u00e4\u00e4n jo viidett\u00e4 kertaa ja se on kerta kerralta kasvattanut suosiotaan sek\u00e4 tuonut fotoniikkaa eli valon tutkimusta l\u00e4hemm\u00e4ksi lapsia ja nuoria.<\/h4>\n\n\n\n<p>T\u00e4n\u00e4 syksyn\u00e4 sukellamme \u00f6t\u00f6k\u00f6iden kiehtovaan maailmaan \u2013 valon avulla. Tapahtuman teemana ovat pienet, mutta t\u00e4rke\u00e4t \u00f6t\u00f6k\u00e4t, ja niiden tutkiminen fotoniikan keinoin. Luvassa on hauskaa ja oivaltavaa tekemist\u00e4 koko perheelle!<\/p>\n\n\n\n<p>Lapsille (n. 3\u201312-vuotiaille) on luvassa j\u00e4nnitt\u00e4v\u00e4 seikkailu, jossa selvitet\u00e4\u00e4n \u00f6t\u00f6kk\u00e4maailman salaisuuksia valotieteen avulla. Seikkailu sopii pienimmille yhdess\u00e4 aikuisen kanssa ja isommille itsen\u00e4isesti.<br>P\u00e4iv\u00e4n aikana voi perinteisesti valmistaa is\u00e4np\u00e4iv\u00e4lahjan \u2013 tietenkin fotoniikan avulla. Lis\u00e4ksi p\u00e4\u00e4set tutustumaan Taidepuutarha Botanian lumoavaan ymp\u00e4rist\u00f6\u00f6n, jossa \u00f6t\u00f6k\u00e4t vilisev\u00e4t ja inspiroivat.<\/p>\n\n\n\n<p><strong>Tapahtuma on maksuton ja avoin kaikille.<\/strong> Tule viett\u00e4m\u00e4\u00e4n valoisaa syysp\u00e4iv\u00e4\u00e4 perheen kanssa, oppimaan uutta ja juhlistamaan samalla is\u00e4np\u00e4iv\u00e4\u00e4 \u00f6t\u00f6k\u00f6iden ja valon merkeiss\u00e4!<\/p>\n\n\n\n<p>Lis\u00e4tietoja saat ottamalla yhteytt\u00e4 Iiro Muhoseen s\u00e4hk\u00f6postitse <a href=\"mailto:iiro.muhonen@uef.fi\" target=\"_blank\" rel=\"noopener\" title=\"\">iiro.muhonen@uef.fi<\/a> tai puhelimitse 050 324 2548.\u00a0<\/p>\n\n\n\r\n<div class=\"maps-block \">\r\n    <iframe class=\"maps-iframe\" src=\"https:\/\/maps.google.com\/maps?q=Hein\u00e4purontie 70, Joensuu&#038;hl=fi&amp;z=16&amp;output=embed\" class=\"gmaps-iframe\" loading=\"lazy\" title=\"Googlekartta\" tabIndex=\"-1\"><\/iframe>\r\n<\/div>\n\n\n<p><\/p>\n","protected":false},"excerpt":{"rendered":"<p>It\u00e4-Suomen yliopisto, It\u00e4-Suomen yliopiston LUMA-keskus ja Fotoniikan lippulaiva PREIN toivottavat sinut l\u00e4mpim\u00e4sti tervetulleeksi \u201cValoa perheille\u201d -tapahtumaan lauantaina 8. marraskuuta 2025 klo 10\u201314 Joensuun Taidepuutarha Botanialle! Valoa perheille -tapahtuma j\u00e4rjestet\u00e4\u00e4n jo viidett\u00e4 kertaa ja se on kerta kerralta kasvattanut suosiotaan sek\u00e4 tuonut fotoniikkaa eli valon tutkimusta l\u00e4hemm\u00e4ksi lapsia ja nuoria. T\u00e4n\u00e4 syksyn\u00e4 sukellamme \u00f6t\u00f6k\u00f6iden kiehtovaan maailmaan [&hellip;]<\/p>\n","protected":false},"featured_media":8557,"template":"","class_list":["post-8554","events","type-events","status-publish","has-post-thumbnail","hentry"],"acf":[],"aioseo_notices":[],"_links":{"self":[{"href":"https:\/\/prein.fi\/fi\/wp-json\/wp\/v2\/events\/8554","targetHints":{"allow":["GET"]}}],"collection":[{"href":"https:\/\/prein.fi\/fi\/wp-json\/wp\/v2\/events"}],"about":[{"href":"https:\/\/prein.fi\/fi\/wp-json\/wp\/v2\/types\/events"}],"wp:featuredmedia":[{"embeddable":true,"href":"https:\/\/prein.fi\/fi\/wp-json\/wp\/v2\/media\/8557"}],"wp:attachment":[{"href":"https:\/\/prein.fi\/fi\/wp-json\/wp\/v2\/media?parent=8554"}],"curies":[{"name":"wp","href":"https:\/\/api.w.org\/{rel}","templated":true}]}}