{"id":8634,"date":"2026-01-23T10:26:54","date_gmt":"2026-01-23T08:26:54","guid":{"rendered":"https:\/\/prein.fi\/?post_type=events&#038;p=8634"},"modified":"2026-01-23T10:26:56","modified_gmt":"2026-01-23T08:26:56","slug":"valoa-ruokasektorille-fotoniikasta-ratkaisuja-maatalouden-ja-ruokaturvallisuuden-haasteisiin-5-2-2026","status":"publish","type":"events","link":"https:\/\/prein.fi\/fi\/tapahtumat\/valoa-ruokasektorille-fotoniikasta-ratkaisuja-maatalouden-ja-ruokaturvallisuuden-haasteisiin-5-2-2026\/","title":{"rendered":"Valoa ruokasektorille &#8211; fotoniikasta ratkaisuja maatalouden ja ruokaturvallisuuden haasteisiin 5.2.2026"},"content":{"rendered":"\n<figure class=\"wp-block-image size-large\"><img decoding=\"async\" width=\"1024\" height=\"680\" src=\"https:\/\/prein.fi\/wp-content\/uploads\/2026\/01\/vihanneksia-fotoniikka-1024x680.jpg\" alt=\"\" class=\"wp-image-8635\"\/><figcaption class=\"wp-element-caption\">vegetable isolated on a white background<\/figcaption><\/figure>\n\n\n\n<h4 class=\"wp-block-heading\">Voisiko valo ratkaista ruoka-alan haasteita? Miten \u00e4lykk\u00e4\u00e4t fotoniikkaratkaisut tehostavat sadon arviointia, elintarvikkeiden laadunvalvontaa ja kontaminaatioiden havaitsemista ja auttavat v\u00e4hent\u00e4m\u00e4\u00e4n h\u00e4vikki\u00e4?<\/h4>\n\n\n\n<p>Kuule inspiroivia esimerkkej\u00e4 ja tuo omat ideasi mukaan keskusteluun! Tilaisuus kokoaa yhteen tuottajat, yritykset, fotoniikan asiantuntijat ja ruokaketjun kehitt\u00e4j\u00e4t keskustelemaan konkreettisista fotoniikan&nbsp;tarjoamista&nbsp;ratkaisuista maatalouden ja&nbsp;ruokaturvallisuuden haasteisiin sek\u00e4&nbsp;uusista yhteisty\u00f6- ja&nbsp;liiketoimintamahdollisuuksista.&nbsp;<\/p>\n\n\n\n<p><strong>Aika ja paikka: to 5.2.2026 klo 12:15-15.30. Savonia (Microkatu 1, Kuopio). Tilaisuutta voi seurata my\u00f6s et\u00e4yhteydell\u00e4 klo 13:45 asti.\u00a0<\/strong><\/p>\n\n\n\n<h2 class=\"wp-block-heading\">Ohjelma (tarkentuu)<\/h2>\n\n\n\n<p>Tutustuminen fotoniikkaan ja sen mahdollisuuksiin ruoka-alalla<\/p>\n\n\n\n<ul class=\"wp-block-list\">\n<li>Esimerkkej\u00e4 ruoka-alan haasteista, joita fotoniikalla voisi ratkaista:\n<ol class=\"wp-block-list\">\n<li>Kemikaalien v\u00e4hent\u00e4minen sipulin k\u00e4sittelylinjaston puhdistamisessa<\/li>\n\n\n\n<li>Taudinaiheuttajien poistaminen marjojen vesiviljelyst\u00e4 ja h\u00e4rm\u00e4n torjunta UVC-valolla<\/li>\n\n\n\n<li>Viljojen DON-arvojen m\u00e4\u00e4ritt\u00e4misen analyysimenetelm\u00e4t &#8211; kuinka parantaa viljaerien laadun seurannan luotettavuutta?<\/li>\n\n\n\n<li>Siementen it\u00e4vyys &#8211; kuinka tunnistaa ja erotella siemenviljasta ei-it\u00e4v\u00e4t siemenet pois?<\/li>\n\n\n\n<li>Saunakukan siemenen erottaminen kuminan siemenest\u00e4<\/li>\n\n\n\n<li>Rikkakasvien tunnistaminen ja t\u00e4sm\u00e4torjunta pellolla &#8211; droneavusteinen kasvinsuojeluaineiden t\u00e4sm\u00e4tarvem\u00e4\u00e4ritys<\/li>\n<\/ol>\n<\/li>\n\n\n\n<li>Fotoniikan sovellutuksia &#8211; fotoniikka-alan yritysten puheenvuorot<\/li>\n\n\n\n<li>Klo 14 alkaen yhteist\u00e4 keskustelua ja ty\u00f6pajaty\u00f6skentely\u00e4 fotoniikan mahdollisuuksista ruoka-alalla<\/li>\n<\/ul>\n\n\n\n<p><em>Tilaisuuden j\u00e4rjest\u00e4v\u00e4t EU:n osarahoittama Pohjois-Savon Agri-Food klusteri yhteisty\u00f6ss\u00e4 It\u00e4-Suomen yliopiston Fotoniikan tutkimuskeskuksen kanssa.\u00a0Lis\u00e4tietoja tilaisuudesta: Kaisa K\u00e4hk\u00f6nen, Pohjois-Savon Agri-Food klusterin klusterikoordinaattori, <a href=\"mailto:kaisa.kahkonen@savonia.fi\" target=\"_blank\" rel=\"noopener\" title=\"\">kaisa.kahkonen@savonia.fi<\/a>, p. 0447856158<\/em><\/p>\n\n\n\n<div class=\"wp-block-buttons is-layout-flex wp-block-buttons-is-layout-flex\">\n<div class=\"wp-block-button\"><a class=\"wp-block-button__link wp-element-button\" href=\"https:\/\/link.webropolsurveys.com\/EventParticipation\/EventPublic\/c2da2421-6aee-49c0-929b-ed75f6671977?displayId=Fin3512714\" target=\"_blank\" rel=\"noreferrer noopener\">Lue lis\u00e4\u00e4 ja rekister\u00f6idy<\/a><\/div>\n<\/div>\n\n\n\r\n<div class=\"maps-block \">\r\n    <iframe class=\"maps-iframe\" src=\"https:\/\/maps.google.com\/maps?q=Mikrokatu 1, Kuopio&#038;hl=fi&amp;z=16&amp;output=embed\" class=\"gmaps-iframe\" loading=\"lazy\" title=\"Googlekartta\" tabIndex=\"-1\"><\/iframe>\r\n<\/div>","protected":false},"excerpt":{"rendered":"<p>Voisiko valo ratkaista ruoka-alan haasteita? Miten \u00e4lykk\u00e4\u00e4t fotoniikkaratkaisut tehostavat sadon arviointia, elintarvikkeiden laadunvalvontaa ja kontaminaatioiden havaitsemista ja auttavat v\u00e4hent\u00e4m\u00e4\u00e4n h\u00e4vikki\u00e4? Kuule inspiroivia esimerkkej\u00e4 ja tuo omat ideasi mukaan keskusteluun! Tilaisuus kokoaa yhteen tuottajat, yritykset, fotoniikan asiantuntijat ja ruokaketjun kehitt\u00e4j\u00e4t keskustelemaan konkreettisista fotoniikan&nbsp;tarjoamista&nbsp;ratkaisuista maatalouden ja&nbsp;ruokaturvallisuuden haasteisiin sek\u00e4&nbsp;uusista yhteisty\u00f6- ja&nbsp;liiketoimintamahdollisuuksista.&nbsp; Aika ja paikka: to 5.2.2026 klo 12:15-15.30. [&hellip;]<\/p>\n","protected":false},"featured_media":8635,"template":"","class_list":["post-8634","events","type-events","status-publish","has-post-thumbnail","hentry"],"acf":[],"aioseo_notices":[],"_links":{"self":[{"href":"https:\/\/prein.fi\/fi\/wp-json\/wp\/v2\/events\/8634","targetHints":{"allow":["GET"]}}],"collection":[{"href":"https:\/\/prein.fi\/fi\/wp-json\/wp\/v2\/events"}],"about":[{"href":"https:\/\/prein.fi\/fi\/wp-json\/wp\/v2\/types\/events"}],"wp:featuredmedia":[{"embeddable":true,"href":"https:\/\/prein.fi\/fi\/wp-json\/wp\/v2\/media\/8635"}],"wp:attachment":[{"href":"https:\/\/prein.fi\/fi\/wp-json\/wp\/v2\/media?parent=8634"}],"curies":[{"name":"wp","href":"https:\/\/api.w.org\/{rel}","templated":true}]}}