{"id":4316,"date":"2023-10-02T11:24:37","date_gmt":"2023-10-02T08:24:37","guid":{"rendered":"https:\/\/prein.fi\/?page_id=4316"},"modified":"2025-08-26T15:47:51","modified_gmt":"2025-08-26T12:47:51","slug":"prein-lyhyesti","status":"publish","type":"page","link":"https:\/\/prein.fi\/fi\/prein-lyhyesti\/","title":{"rendered":"PREIN lyhyesti"},"content":{"rendered":"<div class=\"image-and-text wp-block has-media-on-the-left\">\r\n<div class=\"row\">\r\n    <div class=\"col-12 col-md-6 image-col\" style=\"aspect-ratio:; object-position: 50% %;\" >\r\n\r\n        <img decoding=\"async\" width=\"800\" height=\"600\" src=\"https:\/\/prein.fi\/wp-content\/uploads\/2023\/11\/img-1213-1-1024x768.jpg\" class=\"attachment-large size-large\" alt=\"fotoniikkakuvitus\" srcset=\"https:\/\/prein.fi\/wp-content\/uploads\/2023\/11\/img-1213-1-1024x768.jpg 1024w, https:\/\/prein.fi\/wp-content\/uploads\/2023\/11\/img-1213-1-300x225.jpg 300w, https:\/\/prein.fi\/wp-content\/uploads\/2023\/11\/img-1213-1-768x576.jpg 768w, https:\/\/prein.fi\/wp-content\/uploads\/2023\/11\/img-1213-1-1536x1152.jpg 1536w, https:\/\/prein.fi\/wp-content\/uploads\/2023\/11\/img-1213-1.jpg 1920w\" sizes=\"(max-width: 800px) 100vw, 800px\" \/>    <\/div>\r\n\r\n    <div class=\"col-12 col-md-6 text-col\"><div class=\"acf-innerblocks-container\">\n\n<h1 class=\"wp-block-heading\">PREIN \u2013 Fotoniikan tutkimuksen ja innovaatioiden lippulaiva<\/h1>\n\n\n\n<p>Fotoniikan tutkimuksen ja innovaatioiden lippulaiva (PREIN) kuuluu Suomen Akatemian lippulaivahankkeisiin, ja PREIN on yksi ensimm\u00e4isist\u00e4 vuonna 2019 aloittaneista. Lippulaivaohjelma t\u00e4ydentyi vuonna 2020, jonka j\u00e4lkeen lippulaivoja on yhteens\u00e4 kymmenen.<br><br>Suomen Akatemian lippulaivaohjelma tukee korkealaatuista tutkimusta ja pyrkii lis\u00e4\u00e4m\u00e4\u00e4n &nbsp;tutkimuksen taloudellista ja yhteiskunnallista vaikuttavuutta. Suomen Akatemian lippulaivat edist\u00e4v\u00e4t tutkimuksen ja tuotekehityksen yhteisty\u00f6t\u00e4 yritysten ja yhteiskunnan kanssa. Lippulaivojen edellytykset kehitt\u00e4\u00e4 tutkimusta, innovaatioita ja yhteisty\u00f6t\u00e4 edellytt\u00e4v\u00e4t is\u00e4nt\u00e4organisaatioiden vahvaa sitoutumista. Lippulaivaohjelma tukee tulevaisuuden osaamista ja kest\u00e4vi\u00e4 ratkaisuja yhteiskunnallisiin haasteisiin ja pyrkii edist\u00e4m\u00e4\u00e4n talouskasvua kehitt\u00e4m\u00e4ll\u00e4 uusia liiketoimintamahdollisuuksia.<\/p>\n\n<\/div>\r\n<\/div>\r\n<\/div>\r\n<\/div>\n\n\n<div class=\"wp-block-buttons is-layout-flex wp-block-buttons-is-layout-flex\">\n<div class=\"wp-block-button\"><a class=\"wp-block-button__link wp-element-button\" href=\"https:\/\/www.aka.fi\/tutkimusrahoitus\/ohjelmat-ja-muut-rahoitusmuodot\/lippulaivaohjelma\/\">Lue Suomen Akatemian lippulaivaohjelmasta<\/a><\/div>\n<\/div>\n\n\n<div class=\"image-and-text wp-block has-media-on-the-right\">\r\n<div class=\"row\">\r\n    <div class=\"col-12 col-md-6 image-col\" style=\"aspect-ratio:; object-position: 50% %;\" >\r\n\r\n        <img decoding=\"async\" width=\"800\" height=\"534\" src=\"https:\/\/prein.fi\/wp-content\/uploads\/2023\/11\/puhdastila29-1024x683.jpg\" class=\"attachment-large size-large\" alt=\"Puhdastilaty\u00f6ntekij\u00f6it\u00e4 puhdastilassa.\" srcset=\"https:\/\/prein.fi\/wp-content\/uploads\/2023\/11\/puhdastila29-1024x683.jpg 1024w, https:\/\/prein.fi\/wp-content\/uploads\/2023\/11\/puhdastila29-300x200.jpg 300w, https:\/\/prein.fi\/wp-content\/uploads\/2023\/11\/puhdastila29-768x512.jpg 768w, https:\/\/prein.fi\/wp-content\/uploads\/2023\/11\/puhdastila29-1536x1024.jpg 1536w, https:\/\/prein.fi\/wp-content\/uploads\/2023\/11\/puhdastila29.jpg 1920w\" sizes=\"(max-width: 800px) 100vw, 800px\" \/>    <\/div>\r\n\r\n    <div class=\"col-12 col-md-6 text-col\"><div class=\"acf-innerblocks-container\">\n\n<h2 class=\"wp-block-heading\">Valoon perustuvien teknologioiden osaamiskeskittym\u00e4<\/h2>\n\n\n\n<p>PREIN on valoon perustuvien teknologioiden osaamiskeskittym\u00e4 joka yhdist\u00e4\u00e4 eri tieteenaloja, yrityksi\u00e4 ja yhteiskunnallisia toimijoita. &nbsp;<\/p>\n\n\n\n<p>Fotoniikan lippulaivaa koordinoi Tampereen yliopisto ja muut yhteisty\u00f6kumppanit ovat Aalto-yliopisto, It\u00e4-Suomen yliopisto ja Tekniikan tutkimuskeskus VTT.<\/p>\n\n\n\n<p>Fotoniikan lippulaiva PREIN kokoaa yhteen yhteisty\u00f6kumppaneiden resurssit ja infrastruktuurit kattaen koko arvoketjun perustutkimuksesta soveltavaan tutkimukseen, tuotekehitykseen ja kaupallistamiseen.<\/p>\n\n<\/div>\r\n<\/div>\r\n<\/div>\r\n<\/div>\n\n<div class=\"image-and-text wp-block has-media-on-the-left\">\r\n<div class=\"row\">\r\n    <div class=\"col-12 col-md-6 image-col\" style=\"aspect-ratio:; object-position: 50% %;\" >\r\n\r\n        <img decoding=\"async\" width=\"800\" height=\"533\" src=\"https:\/\/prein.fi\/wp-content\/uploads\/2023\/11\/prein-fun-with-equipement-1024x682.jpg\" class=\"attachment-large size-large\" alt=\"Prein researchers having fun with photonics equipment.\" srcset=\"https:\/\/prein.fi\/wp-content\/uploads\/2023\/11\/prein-fun-with-equipement-1024x682.jpg 1024w, https:\/\/prein.fi\/wp-content\/uploads\/2023\/11\/prein-fun-with-equipement-300x200.jpg 300w, https:\/\/prein.fi\/wp-content\/uploads\/2023\/11\/prein-fun-with-equipement-768x511.jpg 768w, https:\/\/prein.fi\/wp-content\/uploads\/2023\/11\/prein-fun-with-equipement.jpg 1280w\" sizes=\"(max-width: 800px) 100vw, 800px\" \/>    <\/div>\r\n\r\n    <div class=\"col-12 col-md-6 text-col\"><div class=\"acf-innerblocks-container\">\n\n<h2 class=\"wp-block-heading\">Fotoniikan toimijat samassa verkostossa<\/h2>\n\n\n\n<p>Fotoniikan lippulaiva PREIN keskittyy monitieteiseen tutkimukseen, kehitt\u00e4en uusia innovaatioita yritysten ja yhteiskunnan hy\u00f6dynnett\u00e4v\u00e4ksi. PREIN-lippulaiva on konsortio, jonka osapuolina ovat Tampereen yliopisto, It\u00e4-Suomen yliopisto, Aalto-yliopisto ja VTT.<\/p>\n\n\n\n<p>Konsortion kokonaistavoite on yhdist\u00e4\u00e4 kaikki toimijat, jotka vaikuttavat suomalaisessa fotoniikan ekosysteemiss\u00e4. N\u00e4in syntyy verkosto, jonka toiminta kattaa koko polun perustutkimuksesta soveltavaan tutkimukseen ja sen j\u00e4lkeiseen l\u00e4pimurtoteknologioiden tuotekehitykseen ja kaupallistamiseen.<\/p>\n\n<\/div>\r\n<\/div>\r\n<\/div>\r\n<\/div>\n\n\n<h2 class=\"wp-block-heading\">Fotoniikan tutkimusk\u00e4rjet<\/h2>\n\n\n\n<p>PREIN kehitt\u00e4\u00e4 valoon perustuvien teknologioiden sovelluksia muun muassa energiantuotannon, tietotekniikan ja ymp\u00e4rist\u00f6teknologian k\u00e4ytt\u00f6\u00f6n. Lippulaivan organisaatioilla on toisiaan t\u00e4ydent\u00e4v\u00e4\u00e4 osaamista aina nanomateriaalien tuottamisesta optisten komponenttien ja valonl\u00e4hteiden kautta erilaisten instrumenttien ja integroitujen ratkaisujen toteuttamiseen.<\/p>\n\n\n<div class=\"image-and-text wp-block has-media-on-the-right\">\r\n<div class=\"row\">\r\n    <div class=\"col-12 col-md-6 image-col\" style=\"aspect-ratio:; object-position: 50% %;\" >\r\n\r\n        <img decoding=\"async\" width=\"800\" height=\"534\" src=\"https:\/\/prein.fi\/wp-content\/uploads\/2023\/11\/fotoniikka-080222-jr-085-1024x683.jpg\" class=\"attachment-large size-large\" alt=\"Active photonics components\" srcset=\"https:\/\/prein.fi\/wp-content\/uploads\/2023\/11\/fotoniikka-080222-jr-085-1024x683.jpg 1024w, https:\/\/prein.fi\/wp-content\/uploads\/2023\/11\/fotoniikka-080222-jr-085-300x200.jpg 300w, https:\/\/prein.fi\/wp-content\/uploads\/2023\/11\/fotoniikka-080222-jr-085-768x512.jpg 768w, https:\/\/prein.fi\/wp-content\/uploads\/2023\/11\/fotoniikka-080222-jr-085-1536x1024.jpg 1536w, https:\/\/prein.fi\/wp-content\/uploads\/2023\/11\/fotoniikka-080222-jr-085-2048x1365.jpg 2048w\" sizes=\"(max-width: 800px) 100vw, 800px\" \/>    <\/div>\r\n\r\n    <div class=\"col-12 col-md-6 text-col\"><div class=\"acf-innerblocks-container\">\n\n<h2 class=\"wp-block-heading\">Valonl\u00e4hteet<\/h2>\n\n\n\n<p>Monet fotoniikan edistysaskeleet syntyv\u00e4t uusista perusratkaisuista valon tuottamiseksi ja sen ominaisuuksien manipuloimiseksi. Valonl\u00e4hteiden tutkimus tarjoaa uusia l\u00e4hestymistapoja optisten kenttien keskeisten ominaisuuksien kuten polarisaation, koherenssin, spektrin ja lokalisoinnin ohjaamiseen. Valonl\u00e4hteill\u00e4 on v\u00e4litt\u00f6mi\u00e4 sovelluksia erilaisissa fotoniikan materiaaleissa ja rakenteissa sek\u00e4 integroiduissa ratkaisuissa ja kvanttitilojen manipulaatiossa ja kvanttiteknologioissa. Keskeisi\u00e4 uusia tutkimuksen kohteita ovat polarisaation hallinta fotonisissa integroiduissa piireiss\u00e4 (PIC), valon ja aineen v\u00e4lisen vuorovaikutusten optimointi ja hallitseminen teko\u00e4lyn avulla sek\u00e4 komponenttien suunnittelu.<\/p>\n\n<\/div>\r\n<\/div>\r\n<\/div>\r\n<\/div>\n\n<div class=\"image-and-text wp-block has-media-on-the-left\">\r\n<div class=\"row\">\r\n    <div class=\"col-12 col-md-6 image-col\" style=\"aspect-ratio:; object-position: 50% %;\" >\r\n\r\n        <img decoding=\"async\" width=\"540\" height=\"372\" src=\"https:\/\/prein.fi\/wp-content\/uploads\/2023\/11\/prein-nanostructures-materials-and-structures.jpg\" class=\"attachment-large size-large\" alt=\"Photonic Materials and Structures\" srcset=\"https:\/\/prein.fi\/wp-content\/uploads\/2023\/11\/prein-nanostructures-materials-and-structures.jpg 540w, https:\/\/prein.fi\/wp-content\/uploads\/2023\/11\/prein-nanostructures-materials-and-structures-300x207.jpg 300w\" sizes=\"(max-width: 540px) 100vw, 540px\" \/>    <\/div>\r\n\r\n    <div class=\"col-12 col-md-6 text-col\"><div class=\"acf-innerblocks-container\">\n\n<h2 class=\"wp-block-heading\">Materiaalit ja rakenteet<\/h2>\n\n\n\n<p>Uusien materiaalien ja rakenteiden kehitt\u00e4minen on valoon perustuvien teknologioiden kannalta ensiarvoisen t\u00e4rke\u00e4\u00e4. Materiaalien ja rakenteiden tutkiminen ja kehitt\u00e4minen liittyy valonl\u00e4hteiden ohjauksen perustutkimukseen ja kvanttiteknologioissa kehitettyihin ja sovellettaviin integroituihin komponentteihin sek\u00e4 laitteisiin.&nbsp; Tutkimusalueeseen on lis\u00e4tty uusia teemoja kuten 2D-, perovskiitti- sek\u00e4 muunnosmateriaalit. Tutkimuksen kohteena ovat my\u00f6s uudet rakenteet, kuten metapinnat, joissa on parannettu lineaarista ja ep\u00e4lineaarista optista vastetta tunnistus- ja kuvantamistarkoituksia varten, keinotekoiset atomit ja molekyylit (jotka koostuvat esimerkiksi kullan nanoklustereista, timanttien tyhji\u00f6keskuksista tai yksitt\u00e4isist\u00e4 poikkeuksista 2D-materiaaleissa). Tutkimusta tehd\u00e4\u00e4n my\u00f6s hybridimateriaaleista integroituja aurinkokennoja varten. Kehittyneiden hybridimateriaalien ja uusien rakenteiden yhdist\u00e4minen tarjoaa ratkaisuja energiatehokkaisiin, kompakteihin ja edullisiin aurinkopaneelisovelluksiin.<\/p>\n\n<\/div>\r\n<\/div>\r\n<\/div>\r\n<\/div>\n\n<div class=\"image-and-text wp-block has-media-on-the-right\">\r\n<div class=\"row\">\r\n    <div class=\"col-12 col-md-6 image-col\" style=\"aspect-ratio:; object-position: 50% %;\" >\r\n\r\n            <\/div>\r\n\r\n    <div class=\"col-12 col-md-6 text-col\"><div class=\"acf-innerblocks-container\">\n\n<h2 class=\"wp-block-heading\">Aktiiviset fotonikomponentit<\/h2>\n\n\n\n<p>T\u00e4m\u00e4 tutkimuksen painopistealue on laajennus vuosien 2019-2021 tutkimusalueeseen &#8221;Kehittyneet laserl\u00e4hteet.\u201d Aktiivisten fotoniikan komponenttien tutkimus on materiaali- ja rakennetieteen tutkimusalueen ja soveltavan tutkimuksen ja kvanttiteknologian sovelluskohteiden rajapinnassa. Projektin ensimm\u00e4isess\u00e4 vaiheessa tutkimus oli ensisijaisesti suunnattu uusien valonl\u00e4hteiden kehitt\u00e4miseen anturi- ja LIDAR-sovelluksiin. Seuraavassa vaiheessa tutkimus laajenee uusiin fotonikomponentteihin, jotka on alun perin kehitetty valokent\u00e4n ohjauksen sek\u00e4 materiaalien ja rakenteiden tutkimuksessa ja jotka ovat nyt valmiita siirtym\u00e4\u00e4n konkreettisiin sovelluksiin. Erityisesti kehitetyt PIC-tekniikat mahdollistavat useampien sovelluksia. N\u00e4m\u00e4 tutkimuksen painopistealueet tukevat my\u00f6s uusia kvanttiteknologioita kryogeenisten optoelektronisten komponenttien tutkimuksen kautta.<\/p>\n\n<\/div>\r\n<\/div>\r\n<\/div>\r\n<\/div>\n\n<div class=\"image-and-text wp-block has-media-on-the-left\">\r\n<div class=\"row\">\r\n    <div class=\"col-12 col-md-6 image-col\" style=\"aspect-ratio:; object-position: 50% %;\" >\r\n\r\n            <\/div>\r\n\r\n    <div class=\"col-12 col-md-6 text-col\"><div class=\"acf-innerblocks-container\">\n\n<h2 class=\"wp-block-heading\">Kvanttiteknologia&nbsp;<\/h2>\n\n\n\n<p>Teemme yhteisty\u00f6t\u00e4 EU:n Kvanttitukimuksen lippulaivan ja Suomen Akatemian rahoittama kvanttiteknologian huippuyksik\u00f6n kanssa ja yhteisten tutkimustulosten innoittamina PREIN lippulaivassa m\u00e4\u00e4riteltiin uusi tutkimuksen painopistealue toiselle lippulaivakaudelle.<\/p>\n\n\n\n<p>Kvanttiteknologian tavoitteena on hy\u00f6ty\u00e4 kehitetyist\u00e4 komponenteista, mukaan lukien integroidut yksifotonil\u00e4hteet ja ilmaisinryhm\u00e4t integroitujen modulaatioj\u00e4rjestelmien tuottamiseksi, jotka mahdollistavat edistyneiden kvanttitilamanipulaatioiden suorittamisen. N\u00e4m\u00e4 vuorostaan toimivat kvanttifotoniverkkojen rakennuspalikoina ja tehostavat integroituja kvanttifotoniikkaj\u00e4rjestelmi\u00e4 kvanttisalausta, laskentaa ja tunnistusta varten.<\/p>\n\n<\/div>\r\n<\/div>\r\n<\/div>\r\n<\/div>\n\n<div class=\"image-and-text wp-block has-media-on-the-right\">\r\n<div class=\"row\">\r\n    <div class=\"col-12 col-md-6 image-col\" style=\"aspect-ratio:; object-position: 50% %;\" >\r\n\r\n        <img decoding=\"async\" width=\"800\" height=\"585\" src=\"https:\/\/prein.fi\/wp-content\/uploads\/2023\/11\/epg-bsi-solar-cell-and-hands-1-1024x749.png\" class=\"attachment-large size-large\" alt=\"EPG bSi solar cell in the hands of a photonics researcher.\" srcset=\"https:\/\/prein.fi\/wp-content\/uploads\/2023\/11\/epg-bsi-solar-cell-and-hands-1-1024x749.png 1024w, https:\/\/prein.fi\/wp-content\/uploads\/2023\/11\/epg-bsi-solar-cell-and-hands-1-300x219.png 300w, https:\/\/prein.fi\/wp-content\/uploads\/2023\/11\/epg-bsi-solar-cell-and-hands-1-768x561.png 768w, https:\/\/prein.fi\/wp-content\/uploads\/2023\/11\/epg-bsi-solar-cell-and-hands-1-1536x1123.png 1536w, https:\/\/prein.fi\/wp-content\/uploads\/2023\/11\/epg-bsi-solar-cell-and-hands-1.png 1747w\" sizes=\"(max-width: 800px) 100vw, 800px\" \/>    <\/div>\r\n\r\n    <div class=\"col-12 col-md-6 text-col\"><div class=\"acf-innerblocks-container\">\n\n<h2 class=\"wp-block-heading\">Teknologiasovellukset<\/h2>\n\n\n\n<p>Fotoniikan sovellusten kehitt\u00e4miseksi on m\u00e4\u00e4ritelty oma tutkimuksen painopistealue jossa keskityt\u00e4\u00e4n erityisesti kolmeen sovellusalueeseen sek\u00e4 tieteellisten tulosten k\u00e4yt\u00e4nt\u00f6\u00f6n siirt\u00e4miseen. Keskeist\u00e4 on yhdist\u00e4\u00e4 perustutkimus konkreettisiin sovelluksiin ja olla tiiviiss\u00e4 vuorovaikutuksessa kaikkien muiden tutkimuksen painopistealueiden kanssa. Soveltava tutkimus hy\u00f6dynt\u00e4\u00e4 perustutkimuksen tuloksia ja vie niit\u00e4 eteenp\u00e4in sovellusten jatkokehitykseen ja tuottaa siten my\u00f6s yhteiskunnallista vaikuttavuutta. Lippulaivaohjelman alkuvaiheessa m\u00e4\u00e4riteltiin tutkimusk\u00e4rjiksi kannettavat, kertak\u00e4ytt\u00f6iset anturit, LIDAR-teknologia ja \u00e4lykk\u00e4\u00e4t aurinkos\u00e4hk\u00f6moduulit. Toisella lippulaivakaudella sovelluksia laajennetaan kattamaan laajemmin ymp\u00e4rist\u00f6n tutkimuksen, l\u00e4\u00e4ketieteen ja kaukokartoituksen sek\u00e4 aurinkoenergian alat.<\/p>\n\n\n\n<p>Kehit\u00e4mme my\u00f6s kannettavia ja kertak\u00e4ytt\u00f6isi\u00e4 antureita varhaisdiagnostiikalle ja LIDAR-teknologiaa ymp\u00e4rist\u00f6n ja teollisuuden seurantaan. Tutkimme uusia tieto- ja viestint\u00e4tekniikan, laajennetun ja virtuaalisen todellisuuden sek\u00e4 kvanttiteknologioiden k\u00e4sitteit\u00e4 ja komponentteja.<\/p>\n\n<\/div>\r\n<\/div>\r\n<\/div>\r\n<\/div>","protected":false},"excerpt":{"rendered":"<p>Fotoniikan tutkimusk\u00e4rjet PREIN kehitt\u00e4\u00e4 valoon perustuvien teknologioiden sovelluksia muun muassa energiantuotannon, tietotekniikan ja ymp\u00e4rist\u00f6teknologian k\u00e4ytt\u00f6\u00f6n. Lippulaivan organisaatioilla on toisiaan t\u00e4ydent\u00e4v\u00e4\u00e4 osaamista aina nanomateriaalien tuottamisesta optisten komponenttien ja valonl\u00e4hteiden kautta erilaisten instrumenttien ja integroitujen ratkaisujen toteuttamiseen.<\/p>\n","protected":false},"author":4,"featured_media":0,"parent":0,"menu_order":2,"comment_status":"closed","ping_status":"closed","template":"","meta":{"_acf_changed":false,"footnotes":""},"class_list":["post-4316","page","type-page","status-publish","hentry"],"acf":[],"aioseo_notices":[],"_links":{"self":[{"href":"https:\/\/prein.fi\/fi\/wp-json\/wp\/v2\/pages\/4316","targetHints":{"allow":["GET"]}}],"collection":[{"href":"https:\/\/prein.fi\/fi\/wp-json\/wp\/v2\/pages"}],"about":[{"href":"https:\/\/prein.fi\/fi\/wp-json\/wp\/v2\/types\/page"}],"author":[{"embeddable":true,"href":"https:\/\/prein.fi\/fi\/wp-json\/wp\/v2\/users\/4"}],"replies":[{"embeddable":true,"href":"https:\/\/prein.fi\/fi\/wp-json\/wp\/v2\/comments?post=4316"}],"version-history":[{"count":0,"href":"https:\/\/prein.fi\/fi\/wp-json\/wp\/v2\/pages\/4316\/revisions"}],"wp:attachment":[{"href":"https:\/\/prein.fi\/fi\/wp-json\/wp\/v2\/media?parent=4316"}],"curies":[{"name":"wp","href":"https:\/\/api.w.org\/{rel}","templated":true}]}}